{"version":"1.0","provider_name":"","provider_url":"https:\/\/eletfa.cafeblog.hu","author_name":"H. Kov\u00e1cs Gabriella","author_url":"https:\/\/eletfa.cafeblog.hu\/author\/valosagszellemi\/","title":"L\u00e1ncok, r\u00e1csok, b\u00f6rt\u00f6n\u00e9vek...","html":"<blockquote>\r\n<p style=\"text-align: justify\">\"Ha gyakran n\u00e9zel \u00f6nmagadba, tudod, hogy a sokf\u00e9le gondolatod \u00e9s zavaros \u00e9rz\u00e9sed k\u00f6z\u00fcl a legt\u00f6bb nem is a ti\u00e9d: idegen programok, alattomos eszm\u00e9k, er\u0151szakos rekl\u00e1mok, kordivatok, \u00fajs\u00e1gh\u00edrek, \u00f6nv\u00e9delmi reflexek, \u00f6n\u00e1ltat\u00e1sok, vakhitek. Valam<span class=\"text_exposed_show\">ennyien egy beteg vil\u00e1g hipn\u00f3zis\u00e1ban \u00e9l\u00fcnk. Amikor el\u0151sz\u00f6r van egy saj\u00e1t gondolatod, az olyan, mint a f\u00f6l\u00e9bred\u00e9s. Az \u00f6nismeret ott kezd\u0151dik, amikor f\u00f6lismerem, hogy sz\u00fcntelen hazugs\u00e1gban \u00e9lek, \u00e9s \u00f6n\u00e1ltat\u00e1saimat minden nap \u00e9s minden \u00f3r\u00e1ban igyekszem leleplezni.\" (M\u00fcller P\u00e9ter)<\/span><\/p>\r\n\r\n\r\n<hr \/>\r\n<p style=\"text-align: justify\"><\/p>\r\n<\/blockquote>\r\n<p style=\"text-align: justify\">Vajon h\u00e1nyan \u00e9rzik manaps\u00e1g \u00fagy, hogy \u00e9let\u00fck b\u00f6rt\u00f6n? H\u00e1nyan gondolj\u00e1k, hogy a mindennapi m\u00f3kusker\u00e9k, a t\u00e1rsadalmi elv\u00e1r\u00e1sok, k\u00f6telezetts\u00e9gek fel\u0151rlik? Vajon tal\u00e1lunk\u00a0 kiutat a napi rutinb\u00f3l? Merj\u00fck-e az \u00e9sz\u00e9rvek helyett sz\u00edv\u00fcnket k\u00f6vetni? Felmerj\u00fck v\u00e1llalni \u00f6nmagunkat, hi\u00e1nyoss\u00e1gainkat, \u00e1larcok helyett? Ki\u00e1llni a csal\u00e1d, a bar\u00e1tok, \u00e9s a t\u00e1gabb ismer\u0151s\u00f6k el\u00e9 lemeztelen\u00edtve lelk\u00fcnket?\u00a0 \u0150szint\u00e9n n\u00e9z\u00fcnk v\u00e9gig egy napot,\u00a0 h\u00e1nyszor nem egyeztek gondolataink, meggy\u0151z\u0151d\u00e9seink, a tetteinkkel \u00e9s kimondott szavainkkal.<\/p>\r\n<p style=\"text-align: justify\">Hogy mi \u00e1ll ezek m\u00f6g\u00f6tt? Fogalmazhatn\u00e1nk \u00fagy is, hogy a hazugs\u00e1gok m\u00f6g\u00f6tt? Hamis \u00e9n-k\u00e9p, ill\u00fazi\u00f3k t\u00f6mege, sz\u00e9gyen, \u00e9rt\u00e9ktelens\u00e9g \u00e9rz\u00e9se, \u00e9s kishit\u0171s\u00e9g.<\/p>\r\n\r\n<blockquote>Nekem nem j\u00e1r szeretet. Engem senki sem tisztel. Senki nem fogad el olyannak amilyen vagyok. Mindig mindenki f\u00e9lre\u00e9rt.\r\n\r\nA legfontosabb azonban az, hogy Nem hagyhatom, hogy megismerj, mert ha megismern\u00e9l, nem tudn\u00e1l szeretni.\r\n\r\n<span class=\"userContent\">\"A legnagyobb baj az, hogy sohasem tudjuk egym\u00e1sr\u00f3l biztosan, ki kicsoda. Az emberek \u00f6sszej\u00f6nnek, \u00f6sszet\u00e1rsulnak, sz\u00e9jjelmennek, kavarognak, \u00e9s sohasem tudj\u00e1k biztosan, hogy ki az, aki mellett\u00fck van. Ki az? Igen, ez a legnagyobb baj, l\u00e1tod, a vil\u00e1gon. Csak n\u00e9ha tudj\u00e1k meg egym\u00e1sr\u00f3l az igazat. N\u00e9ha.\" Vass Albert<\/span><\/blockquote>\r\n<p style=\"text-align: justify\">Ezek a gondolatok, \u00e9rz\u00e9sek mind mind arr\u00f3l \u00e1rulkodnak, hogy f\u00e9l\u00fcnk. Az, hogy val\u00f3j\u00e1ban mit\u0151l a k\u00f6vetkez\u0151 k\u00e9rd\u00e9sek megv\u00e1laszol\u00e1sa ut\u00e1n kider\u00fcl.<a href=\"https:\/\/eletfa.cafeblog.hu\/files\/2014\/11\/10422075_730027883731378_5773582950283522782_n.jpg\"><img class=\"aligncenter size-full wp-image-862\" src=\"https:\/\/eletfa.cafeblog.hu\/files\/2014\/11\/10422075_730027883731378_5773582950283522782_n.jpg\" alt=\"10422075_730027883731378_5773582950283522782_n\" width=\"658\" height=\"540\" \/><\/a><\/p>\r\n<p style=\"text-align: justify\">J\u00e1tszunk.<\/p>\r\n<p style=\"text-align: justify\">Fogalmazd meg egy f\u00e9lelmedet.\u00a0 F\u00e9lek att\u00f3l hogy.............................( nem fogadnak el. Ha kimondom, akkor megharagszik, kir\u00fag... Ha megteszem akkor...... Ha magamat adom akkor.... Stb)<\/p>\r\n\r\n<ul style=\"text-align: justify\">\r\n\t<li>Mert mi t\u00f6rt\u00e9nik akkor?<\/li>\r\n\t<li>\u00c9s ut\u00e1na mi lesz, hogy \u00e9rzed magad?<\/li>\r\n\t<li>Hogyan fog ez az \u00e9letedre hatni?<\/li>\r\n\t<li>Ha ez megt\u00f6rt\u00e9nik ut\u00e1na mi lesz?<\/li>\r\n\t<li>\u00c9s ut\u00e1na?<\/li>\r\n\t<li>\u00c9s ut\u00e1na?<\/li>\r\n\t<li>\u00c9s ut\u00e1na?<\/li>\r\n\t<li>\u00c9s ut\u00e1na?......<\/li>\r\n<\/ul>\r\n<p style=\"text-align: justify\">K\u00e9rdezd addig magad, m\u00edg elfogynak a k\u00e9rd\u00e9sek \u00e9s v\u00e1laszok. Mit tal\u00e1lt\u00e1l? Mi \u00e1ll val\u00f3j\u00e1ban a f\u00e9lelmek m\u00f6g\u00f6tt?<\/p>\r\n<p style=\"text-align: justify\">Ha j\u00f3l k\u00e9rdezt\u00e9l val\u00f3sz\u00edn\u0171leg a megsemmis\u00fcl\u00e9sig jutott\u00e1l, mert a legt\u00f6bb f\u00e9lelem m\u00f6g\u00f6tt ez \u00e1ll. Ha gondolod pr\u00f3b\u00e1ld ki.<\/p>\r\n<p style=\"text-align: justify\">Akkor most megk\u00e9rdezhetj\u00fck magunkt\u00f3l, hogy vajon milyen istenk\u00e9p \u00e9l benn\u00fcnk m\u00e9lyen. Nem arra gondolok, hogy milyennek k\u00e9pzeled. A tudatos \u00e9s tudattalan istenk\u00e9p\u00fcnk a legt\u00f6bbsz\u00f6r ellent\u00e9tes egym\u00e1ssal, melynek eredete korai gyermekkorunkb\u00f3l sz\u00e1rmazik, a kialakul\u00e1sa oda vezethet\u0151 vissza. Az \u0151sbizalom, a biztos k\u00f6t\u0151d\u00e9s, az \u00f6n\u00e1ll\u00f3 \u00e9letk\u00e9pess\u00e9g (auton\u00f3mia), a kezdem\u00e9nyez\u0151k\u00e9szs\u00e9g alapstrukt\u00far\u00e1i\u00a0 az 5. \u00e9let\u00e9v el\u0151tt be\u00e9p\u00fclnek (Erik H. Erikson fejl\u0151d\u00e9selm\u00e9lete). Mindezek hi\u00e1ny\u00e1ban\u00a0 kialakulhat az \u00e9lettel \u00e9s \u00f6nmagunkkal szembeni alapvet\u0151 bizalmatlans\u00e1g, k\u00e9ts\u00e9gbees\u00e9s, massz\u00edv f\u00e1sults\u00e1g \u00e9s lelki b\u00e9nults\u00e1g,\u00a0 melyek az \u00e9vek m\u00fal\u00e1s\u00e1val p\u00e1rkapcsolati \u00e9s munkahelyi kudarcokhoz vezethetnek. Ezek lesznek azok a l\u00e1ncok, r\u00e1csok, melyekben azt\u00e1n a b\u00f6rt\u00f6n\u00e9veit t\u00f6lti mindenki. Te h\u00e1ny \u00e9vre \u00edt\u00e9lted magad?<\/p>\r\n<p style=\"text-align: justify\">F\u00e9lelmeink, g\u00f6rcseink nagy s\u00fallyal nehezednek r\u00e1nk, \u00e9s korl\u00e1tokat szabnak nek\u00fcnk. Fel kell ismern\u00fcnk, f\u00e9lelmeink \u00fczenet\u00e9t. Erre csak akkor lesz\u00fcnk k\u00e9pesek, ha sz\u00edv\u00fcnket, lelk\u00fcnket k\u00e9pesek vagyunk kit\u00e1rni, \u00e9s seg\u00edts\u00e9ggel, vagy an\u00e9lk\u00fcl megkeress\u00fck a gy\u00f6ker\u00fcket. A spiritu\u00e1lis fejl\u0151d\u00e9s ott kezd\u0151dik, amikor felismerj\u00fck, hogy m\u00edg anyagi testben \u00e9l\u00fcnk, mindig lesznek kisebb f\u00e9lelmeink, de ezzel egyidej\u0171leg azt is felv\u00e1llaljuk, hogy er\u0151inkhez m\u00e9rten jav\u00edtunk helyzet\u00fcnk\u00f6n, \u00e9s az esetek nagyobb r\u00e9sz\u00e9ben v\u00e1llaljuk \u00f6nmagunkat. Hiszen, hogyan is lehetne boldog az, aki szerepeket j\u00e1tszik?<\/p>\r\n\r\n<blockquote>\r\n<p style=\"text-align: justify\">Loyolai Szent Ign\u00e1c szavai jutottak eszembe b\u00facs\u00faz\u00f3ul:\u00a0 Az igaz Isten m\u00e9lyen rejl\u0151 t\u00f6rekv\u00e9seinkben \u00e9s az \u00e9let \u00e9s a szeretet ut\u00e1ni \u0151si v\u00e1gyainkban tal\u00e1lkozik vel\u00fcnk.<\/p>\r\n<\/blockquote>\r\n<h6 style=\"text-align: justify\"><span style=\"color: #e6e1e1\">K\u00e9p: google<\/span><\/h6>","type":"rich","thumbnail_url":"https:\/\/eletfa.cafeblog.hu\/files\/2014\/11\/10422075_730027883731378_5773582950283522782_n-150x150.jpg","thumbnail_width":150,"thumbnail_height":150}