{"version":"1.0","provider_name":"","provider_url":"https:\/\/eletfa.cafeblog.hu","author_name":"H. Kov\u00e1cs Gabriella","author_url":"https:\/\/eletfa.cafeblog.hu\/author\/valosagszellemi\/","title":"A nagy \u0150","html":"Mindny\u00e1jan kerest\u00fck a t\u00f6k\u00e9letes t\u00e1rsat, azonban ha k\u00f6rben\u00e9z\u00fcnk a bar\u00e1ti, ismer\u0151si, net\u00e1n a saj\u00e1t h\u00e1zass\u00e1gunkon, bizony igaz\u00e1n boldog kapcsolatot nem sokat l\u00e1tunk. Mindenki egy t\u00f6k\u00e9letes kapcsolatr\u00f3l \u00e1lmodott, csak k\u00f6zben legt\u00f6bben azt t\u00e9vesztett\u00fck szem el\u0151l, hogy mindez\u00e9rt t\u00fal kell l\u00e9pni saj\u00e1t t\u00f6k\u00e9letlens\u00e9g\u00fcnk\u00f6n.\r\n\r\nEgy id\u0151 ut\u00e1n az ember, ( n\u00e9h\u00e1ny kudarcot, \u00e9s tal\u00e1n m\u00e9g v\u00e1l\u00e1st is \u00e1t\u00e9lve) kezdi meg\u00e9rteni, hogy nincs is t\u00f6k\u00e9letes t\u00e1rs, csup\u00e1n a t\u00f6k\u00e9letlens\u00e9gek fokozatai l\u00e9teznek.\r\n\r\nMi\u00e9rt van ez \u00edgy?\u00a0<a href=\"https:\/\/eletfa.cafeblog.hu\/files\/2013\/11\/szex500.jpg\"><img class=\"aligncenter size-full wp-image-446\" alt=\"szex500\" src=\"https:\/\/eletfa.cafeblog.hu\/files\/2013\/11\/szex500.jpg\" width=\"500\" height=\"333\" \/><\/a>\r\n\r\nAz\u00e9rt, mert mi sem vagyunk t\u00f6k\u00e9letesek, \u00e9s \u00fagy v\u00e1logatjuk meg t\u00e1rsainkat, hogy a t\u00f6k\u00e9letlens\u00e9geik kieg\u00e9sz\u00edts\u00e9k a mieinket. (Ami bel\u0151l\u00fcnk hi\u00e1nyzik, az benne megvan, \u00e9s persze el\u0151bb ut\u00f3bb ez majd zavarni is fog benn\u00fcnket.)\r\n\r\nA<strong>\u00a0<\/strong>p\u00e1rkapcsolat\u00a0t\u00fck\u00f6r, amelyben \u00f6nmagam elutas\u00edtott r\u00e9szeit l\u00e1tom, \u00e9s \u00a0seg\u00edti szem\u00e9lyes fejl\u0151d\u00e9s\u00fcnket, seg\u00edt jobb emberr\u00e9 v\u00e1lni, magunkat is jobban megismerni.\r\n\r\nCsak ha megk\u00fczd\u00f6tt\u00fcnk legtitkosabb d\u00e9monjainkkal - megoldhatatlan probl\u00e9m\u00e1inkkal, amelyek azz\u00e1 tesznek, akik vagyunk -akkor tal\u00e1lhatjuk meg \u00e9let\u00fcnk t\u00e1rs\u00e1t, mert akkor fogjuk csak tudni, hogy egy\u00e1ltal\u00e1n mit is keres\u00fcnk.\r\n\r\nEzt a t\u00f6k\u00e9letlen szem\u00e9lyt keress\u00fck ( aki \u00a0seg\u00edt nek\u00fcnk r\u00e1j\u00f6nni a hib\u00e1inkra, \u00e9s aki seg\u00edt meg\u00e9rteni, hol is tartunk), de nem az els\u0151 szembej\u00f6v\u0151 t\u00f6k\u00e9letlent, hanem az \"igazit\".\r\n\r\nAzt, akire szeretettel n\u00e9zhet\u00fcnk, mik\u00f6zben azt gondoljuk:\r\n\r\n\"Pontosan ilyen probl\u00e9m\u00e1t akarok magamnak!\"\r\n\r\nMost, hogy l\u00e1tod milyen a p\u00e1rkapcsolatod? Van benne s\u00farl\u00f3d\u00e1s, fesz\u00fclts\u00e9g? Van benne fejl\u0151d\u00e9si lehet\u0151s\u00e9g?\r\n\r\nNe feledd: Am\u00edg nem tudod, hogy ki vagy, azt sem tudhatod mit is keresel.\r\n\r\n<a href=\"https:\/\/eletfa.cafeblog.hu\/files\/2013\/11\/dbimage.jpg\"><img class=\"aligncenter size-large wp-image-448\" alt=\"dbimage\" src=\"https:\/\/eletfa.cafeblog.hu\/files\/2013\/11\/dbimage-600x397.jpg\" width=\"600\" height=\"397\" \/><\/a>\r\n\r\n<address style=\"padding-left: 240px\">K\u00e9p: Internet<\/address><address style=\"padding-left: 150px\">Inspir\u00e1lta: Andrew Boyd,\u00a0Jorge Bucay<\/address>Tov\u00e1bbi bejegyz\u00e9sek a t\u00e9m\u00e1ban:\r\n\r\n<a title=\"A bels\u0151 vil\u00e1g t\u00fckr\u00f6z\u0151d\u00e9sei\u2026\" href=\"https:\/\/eletfa.cafeblog.hu\/2013\/11\/05\/440\/\"><strong>https:\/\/eletfa.cafeblog.hu\/2013\/11\/05\/440\/<\/strong><\/a>\r\n\r\n<a title=\"Az emberi j\u00e1tszm\u00e1k marg\u00f3j\u00e1ra\u2026..\" href=\"https:\/\/eletfa.cafeblog.hu\/2013\/09\/23\/az-emberi-jatszmak-margojara\/\"><strong>https:\/\/eletfa.cafeblog.hu\/2013\/09\/23\/az-emberi-jatszmak-margojara\/<\/strong><\/a>\r\n\r\n<a title=\"Az emberi j\u00e1tszm\u00e1k marg\u00f3j\u00e1ra\u2026..\" href=\"https:\/\/eletfa.cafeblog.hu\/2013\/09\/23\/az-emberi-jatszmak-margojara\/\">\u00a0<\/a>","type":"rich","thumbnail_url":"https:\/\/eletfa.cafeblog.hu\/files\/2013\/11\/dbimage-150x150.jpg","thumbnail_width":150,"thumbnail_height":150}